{"id":6733,"date":"2025-09-26T13:00:04","date_gmt":"2025-09-26T13:00:04","guid":{"rendered":"https:\/\/velikolaska.si\/?post_type=mec-events&#038;p=6733"},"modified":"2025-10-28T11:48:00","modified_gmt":"2025-10-28T11:48:00","slug":"praznujemo-dan-reformacije","status":"publish","type":"mec-events","link":"https:\/\/velikolaska.si\/en\/dogodki1\/praznujemo-dan-reformacije\/","title":{"rendered":"PRAZNUJEMO DAN REFORMACIJE"},"content":{"rendered":"<p>Trubarjeva doma\u010dija bo na prazni\u010dni dan, 31. oktobra 2025, odprta za obiskovalce med 9. in 17. uro. Organizirano bo vodenje Trubar in \u010das, \u010dez dan pa bodo potekale razli\u010dne delavnice.<\/p>\n<p>\ud835\udc03\ud835\udc1e\ud835\udc25\ud835\udc1a\ud835\udc2f\ud835\udc27\ud835\udc22\ud835\udc1c\ud835\udc1a \ud835\udc24\ud835\udc1a\ud835\udc25\ud835\udc22\ud835\udc20\ud835\udc2b\ud835\udc1a\ud835\udc1f\ud835\udc22\ud835\udc23\ud835\udc1e \ud835\udc27\ud835\udc1a \u00bb\ud835\udc2c\ud835\udc2b\ud835\udc1e\ud835\udc1d\ud835\udc27\ud835\udc23\ud835\udc1e\ud835\udc2f\ud835\udc1e\u0161\ud835\udc24\ud835\udc22 \ud835\udc27\ud835\udc1a\u010d\ud835\udc22\ud835\udc27\u00ab<strong> Ob 10. uri<\/strong><\/p>\n<p>Galerija Skedenj, Trubarjeva doma\u010dija<\/p>\n<p>Na delavnici kaligrafije na \u00bbsrednjeve\u0161ki na\u010din\u00ab, ki jo pripravlja <a href=\"https:\/\/www.facebook.com\/mks.sticna?__cft__%5b0%5d=AZX7mpLaZPVLGuVzWX-tkeHQ3RIt_esZFTVCiJsZH5086WQFjh0oIjuOnQjdjlkrzpAgM2ixL2lCbfkTvGQYXhcFvA464-BEuX76RFb3KOjRZyZOTTiGrIvjNIhux8Pz9gQQI1bfTUKW-KwwPNgEYx-ygelvxYYBa-a60jfzSZDTnw&amp;__tn__=-%5dK-R\" target=\"_blank\" rel=\"noopener\"><strong>Muzej kr\u0161\u010danstva na Slovenskem<\/strong><\/a>, vas bo pisar Bernard J. popeljal v svet starih pisarjev.<\/p>\n<p>Najprej boste spoznali poklic srednjeve\u0161kega pisarja ter materiale, s katerimi je neko\u010d nastajala pisana beseda. Delavnica traja pribli\u017eno eno uro in je primerna za vse, ki bi radi do\u017eiveli stik z ro\u010dnim pisanjem \u2013 na na\u010din, kot so ga poznali \u017ee Trubarjevi sodobniki.<\/p>\n<p>\u0160tevilo mest je omejeno. Informacije in prijave na info@trubarjevi-kraji.si ali preko telefonske \u0161tevilke 01 788 10 06 ali 040 505 960.<\/p>\n<p><strong>Ob 12.uri<\/strong> ste vabljeni na <strong>pravlji\u010dno in glasbeno do\u017eivetje\u00bb<\/strong>\ud835\udc0f\ud835\udc2b\ud835\udc22\ud835\udc29\ud835\udc28\ud835\udc2f\ud835\udc1e\ud835\udc1d\ud835\udc24\ud835\udc1e \ud835\udc28 \ud835\udc1b\ud835\udc1e\ud835\udc25\ud835\udc22 \ud835\udc24\ud835\udc1a\u010d\ud835\udc22 \u2013 \ud835\udc1b\ud835\udc1e\ud835\udc25\ud835\udc1a \ud835\udc24\ud835\udc1a\u010d\ud835\udc1a\u00ab, ki ga pripravljata Jur\u010di\u010deva doma\u010dija \u2013 Zavod Prijetno doma\u010de.<\/p>\n<p>Najprej bodo udele\u017eence popeljali v svet otro\u0161tva, iz katerega so zrasle Jur\u010di\u010deve pravljice, in jim predstavili, kako so neko\u010d nastajale zgodbe.<\/p>\n<p>S pomo\u010djo tipne izku\u0161nje, glasbe in vaj za zbrano poslu\u0161anje in opazovanje bomo skupaj stopili v svet starih pripovedi in ugibali pomen besed, ki jih danes skoraj ne sli\u0161imo ve\u010d.<\/p>\n<p>Z vami bosta Simona Zorc Ramov\u0161 (pripovedovalka) in Jure Malovrh (glasbenik) z Jur\u010di\u010deve doma\u010dije.<\/p>\n<p>Priporo\u010damo udobna obla\u010dila, veliko dobre volje in \u2013 \u010de jo imate \u2013 va\u0161o najljub\u0161o pravljico!<\/p>\n<p>\ud835\udc28\ud835\udc1b \ud835\udfcf\ud835\udfd3.\ud835\udfce\ud835\udfce<strong> ste vabljeni v TIC Kozolec, kjer bost lahko izdelali svojo<\/strong> \ud835\udc26\ud835\udc22\ud835\udc27\ud835\udc22\ud835\udc1a\ud835\udc2d\ud835\udc2e\ud835\udc2b\ud835\udc27<strong>\ud835\udc28 knjigo.<\/strong><\/p>\n<p><a href=\"https:\/\/www.facebook.com\/zavodparnas?__cft__%5b0%5d=AZUPEO8Vo-blWfYwFJdgDfFUlsfd4E9_3BUosg4K5VZ8PF8411iOF8AbR7v0WtMwDM4-vdct69MEaCbRQmKrF0CrhA0BTZwz8B-4wGWIUGSPHM5bmefGqPK-yNJUEYABiHH6t92Yni1UeFZil_vpZF7u1WOXe7ijugajbwQaEazWTg&amp;__tn__=-%5dK-R\" target=\"_blank\" rel=\"noopener\"><strong>Zavod Parnas<\/strong><\/a> pripravlja odprto knjigove\u0161ko delavnico, na kateri boste izdelali \ud835\udc26\ud835\udc22\ud835\udc27\ud835\udc22\ud835\udc1a\ud835\udc2d\ud835\udc2e\ud835\udc2b\ud835\udc27\ud835\udc28 \ud835\udc24\ud835\udc27\ud835\udc23\ud835\udc22\ud835\udc20\ud835\udc28 \ud835\udc22\ud835\udc27 \ud835\udc23\ud835\udc28 \ud835\udc2c\ud835\udc29\ud835\udc2b\ud835\udc1e\ud835\udc26\ud835\udc1e\ud835\udc27\ud835\udc22\ud835\udc25\ud835\udc22 \ud835\udc2f \ud835\udc22\ud835\udc33\ud835\udc2f\ud835\udc22\ud835\udc2b\ud835\udc1e\ud835\udc27 \ud835\udc28\ud835\udc1b\ud835\udc1e\ud835\udc2c\ud835\udc1e\ud835\udc24 \ud835\udc33\ud835\udc1a \ud835\udc24\ud835\udc25\ud835\udc23\ud835\udc2e\u010d\ud835\udc1e.<\/p>\n<p>Primerno za vse starosti.<\/p>\n<p>\u0160tevilo mest je omejeno. Informacije in prijave na info@trubarjevi-kraji.si ali preko telefonske \u0161tevilke 01 788 10 06 ali 040 505 960.<\/p>\n<p>Delavnica je brezpla\u010dna.<\/p>","protected":false},"excerpt":{"rendered":"<p>Trubarjeva doma\u010dija bo na prazni\u010dni dan, 31. oktobra 2025, odprta za obiskovalce med 9. in 17. uro. Organizirano bo vodenje Trubar in \u010das, \u010dez dan pa bodo potekale razli\u010dne delavnice. \ud835\udc03\ud835\udc1e\ud835\udc25\ud835\udc1a\ud835\udc2f\ud835\udc27\ud835\udc22\ud835\udc1c\ud835\udc1a \ud835\udc24\ud835\udc1a\ud835\udc25\ud835\udc22\ud835\udc20\ud835\udc2b\ud835\udc1a\ud835\udc1f\ud835\udc22\ud835\udc23\ud835\udc1e \ud835\udc27\ud835\udc1a \u00bb\ud835\udc2c\ud835\udc2b\ud835\udc1e\ud835\udc1d\ud835\udc27\ud835\udc23\ud835\udc1e\ud835\udc2f\ud835\udc1e\u0161\ud835\udc24\ud835\udc22 \ud835\udc27\ud835\udc1a\u010d\ud835\udc22\ud835\udc27\u00ab Ob 10. uri Galerija Skedenj, Trubarjeva doma\u010dija Na delavnici kaligrafije na \u00bbsrednjeve\u0161ki na\u010din\u00ab, ki jo pripravlja Muzej kr\u0161\u010danstva na Slovenskem, [&hellip;]<\/p>","protected":false},"author":5,"featured_media":6734,"comment_status":"closed","ping_status":"closed","template":"","tags":[],"mec_category":[],"class_list":["post-6733","mec-events","type-mec-events","status-publish","has-post-thumbnail","hentry","entry","has-media"],"_links":{"self":[{"href":"https:\/\/velikolaska.si\/en\/wp-json\/wp\/v2\/mec-events\/6733","targetHints":{"allow":["GET"]}}],"collection":[{"href":"https:\/\/velikolaska.si\/en\/wp-json\/wp\/v2\/mec-events"}],"about":[{"href":"https:\/\/velikolaska.si\/en\/wp-json\/wp\/v2\/types\/mec-events"}],"author":[{"embeddable":true,"href":"https:\/\/velikolaska.si\/en\/wp-json\/wp\/v2\/users\/5"}],"replies":[{"embeddable":true,"href":"https:\/\/velikolaska.si\/en\/wp-json\/wp\/v2\/comments?post=6733"}],"wp:featuredmedia":[{"embeddable":true,"href":"https:\/\/velikolaska.si\/en\/wp-json\/wp\/v2\/media\/6734"}],"wp:attachment":[{"href":"https:\/\/velikolaska.si\/en\/wp-json\/wp\/v2\/media?parent=6733"}],"wp:term":[{"taxonomy":"post_tag","embeddable":true,"href":"https:\/\/velikolaska.si\/en\/wp-json\/wp\/v2\/tags?post=6733"},{"taxonomy":"mec_category","embeddable":true,"href":"https:\/\/velikolaska.si\/en\/wp-json\/wp\/v2\/mec_category?post=6733"}],"curies":[{"name":"wp","href":"https:\/\/api.w.org\/{rel}","templated":true}]}}