{"id":6167,"date":"2024-08-26T05:30:14","date_gmt":"2024-08-26T05:30:14","guid":{"rendered":"https:\/\/velikolaska.si\/?post_type=mec-events&#038;p=6167"},"modified":"2024-08-26T05:30:14","modified_gmt":"2024-08-26T05:30:14","slug":"predstavitev-knjige-midva-njemu-ki-me-je-izbral-za-ta-svet","status":"publish","type":"mec-events","link":"https:\/\/velikolaska.si\/slo\/dogodki1\/predstavitev-knjige-midva-njemu-ki-me-je-izbral-za-ta-svet\/","title":{"rendered":"Predstavitev knjige \u00bbMIDVA\u00ab  &#8211; Njemu, ki me je izbral za ta svet"},"content":{"rendered":"<p><strong>V petek, 20. septembra, ob 19. uri vabljeni na predstavitev knjige &#8220;Midva&#8221; &#8211; Njemu, ki me je izbral za ta svet avtorja Antona &#8220;Ton\u010da&#8221; \u017dunterja. Predstavitev knjige bo potekala v galeriji Skedenj na Trubarjevi doma\u010diji.<\/strong><\/p>\n<p><strong>V knjigi se avtor skozi razli\u010dne zgodbe posve\u010da duhovni razse\u017enosti bivanja, po kateri se \u010dlovek razlikuje od ostalih \u017eivih bitij, s poudarkom na svetosti in nedotakljivosti \u010dlove\u0161kega \u017eivljenja, ki \u017ee v svoji osnovi odklanja vsakr\u0161no poseganje \u010dlove\u0161ke roke vanj. \u017divljenjske izku\u0161nje so avtorja (zdravnika in planinca) izoblikovale do te mere, da se je odlo\u010dil nekatere dogodke, preko pri\u010dujo\u010de knjige, deliti z javnostjo. <\/strong><\/p>\n<p><em>Avtor knjige, Anton \u00bbTon\u010d\u00ab\u00a0\u017dunter, je upokojeni splo\u0161ni zdravnik. Odra\u0161\u010dal je v Re\u010dici ob Savinji, danes \u017eivi v Lu\u010dah ob Savinji, je tudi \u010dastni ob\u010dan ob\u010dine Lu\u010de. Za dolgoletno nesebi\u010dno in po\u017ertvovalno zdravni\u0161ko delo je prejel \u010dastni znak svobode Republike Slovenije\u00a0ter najvi\u0161je priznanje\u00a0Zdravni\u0161ke zbornice Slovenije\u00a0&#8211; Hipokratovo priznanje.<\/em><\/p>\n<p><em>Bil je gorski re\u0161evalec, kot zdravnik pa je spremljal alpiniste na treh odpravah v\u00a0Himalajo\u00a0(1983, 1997, 1998) in dveh v\u00a0Ande\u00a0(1983, 1999). Februarja 1978 se je hudo po\u0161kodoval v\u00a0sne\u017enem plazu\u00a0v Velikem \u017elebu v\u00a0Raduhi. Imel je po\u0161kodbe na medenici, mehurju in \u010drevesju, do\u017eivel je\u00a0podhladitev\u00a0in\u00a0\u0161ok.<\/em><\/p>\n<p><em>Danes je avtor knjige med drugim tudi predsednik Slovenskega gorni\u0161kega kluba Skala \u2013 zveze gorni\u0161kih klubov. SGK Skala danes zdru\u017euje enajst (11) klubov, ki prvenstveno gojijo ljubezen do gorni\u0161tva niso pa jim tuja tudi podro\u010dja, kot so sankanje, gorsko kolesarjenje ali padalstvo. Vsako leto klub izda li\u010den zbornik, ki nam predstavi delo preteklega leta, opisane pa so tudi ture, ki so predvidene za teko\u010de leto. Ture oziroma pohodi so namenjeni vsem \u2013 od otrok do starej\u0161ih. \u010cez 50 aktivnosti je tako razporejenih skozi celotno leto, nekatere se odvijajo tudi v tujini, nekatere so ve\u010ddnevne, nekatere so tudi dobrodelne (oskrbovanje gorskih postojank).<\/em><\/p>\n<p>Organizator: Slovenski gorni\u0161ki klub Skala<\/p>\n<p>&nbsp;<\/p>\n","protected":false},"excerpt":{"rendered":"<p>V petek, 20. septembra, ob 19. uri vabljeni na predstavitev knjige &#8220;Midva&#8221; &#8211; Njemu, ki me je izbral za ta svet avtorja Antona &#8220;Ton\u010da&#8221; \u017dunterja. Predstavitev knjige bo potekala v galeriji Skedenj na Trubarjevi doma\u010diji. V knjigi se avtor skozi razli\u010dne zgodbe posve\u010da duhovni razse\u017enosti bivanja, po kateri se \u010dlovek razlikuje od ostalih \u017eivih bitij, [&hellip;]<\/p>\n","protected":false},"author":5,"featured_media":6168,"comment_status":"closed","ping_status":"closed","template":"","tags":[],"mec_category":[],"class_list":["post-6167","mec-events","type-mec-events","status-publish","has-post-thumbnail","hentry","entry","has-media"],"_links":{"self":[{"href":"https:\/\/velikolaska.si\/slo\/wp-json\/wp\/v2\/mec-events\/6167","targetHints":{"allow":["GET"]}}],"collection":[{"href":"https:\/\/velikolaska.si\/slo\/wp-json\/wp\/v2\/mec-events"}],"about":[{"href":"https:\/\/velikolaska.si\/slo\/wp-json\/wp\/v2\/types\/mec-events"}],"author":[{"embeddable":true,"href":"https:\/\/velikolaska.si\/slo\/wp-json\/wp\/v2\/users\/5"}],"replies":[{"embeddable":true,"href":"https:\/\/velikolaska.si\/slo\/wp-json\/wp\/v2\/comments?post=6167"}],"wp:featuredmedia":[{"embeddable":true,"href":"https:\/\/velikolaska.si\/slo\/wp-json\/wp\/v2\/media\/6168"}],"wp:attachment":[{"href":"https:\/\/velikolaska.si\/slo\/wp-json\/wp\/v2\/media?parent=6167"}],"wp:term":[{"taxonomy":"post_tag","embeddable":true,"href":"https:\/\/velikolaska.si\/slo\/wp-json\/wp\/v2\/tags?post=6167"},{"taxonomy":"mec_category","embeddable":true,"href":"https:\/\/velikolaska.si\/slo\/wp-json\/wp\/v2\/mec_category?post=6167"}],"curies":[{"name":"wp","href":"https:\/\/api.w.org\/{rel}","templated":true}]}}